{"id":16842,"date":"2026-03-25T14:01:38","date_gmt":"2026-03-25T13:01:38","guid":{"rendered":"https:\/\/le-garden.com\/?page_id=16842"},"modified":"2026-03-25T14:37:13","modified_gmt":"2026-03-25T13:37:13","slug":"cadeaux","status":"publish","type":"page","link":"https:\/\/le-garden.com\/index.php\/cadeaux\/","title":{"rendered":"Cadeaux"},"content":{"rendered":"<div data-colibri-id=\"16842-c1\" class=\"style-4822 style-local-16842-c1 position-relative\">\r\n  <!---->\r\n  <div data-colibri-component=\"section\" data-colibri-id=\"16842-c2\" id=\"video\" class=\"h-section h-section-global-spacing d-flex align-items-lg-center align-items-md-center align-items-center style-4823 style-local-16842-c2 position-relative\">\r\n    <div class=\"background-wrapper\">\r\n      <div class=\"background-layer background-layer-media-container-lg\">\r\n        <div class=\"background-layer\">\r\n          <div id=\"background-video-16842-c2-desktop\" data-video=\"https:\/\/le-garden.com\/wp-content\/uploads\/2025\/07\/Video-Site-Le-Garden.mp4\" data-poster=\"https:\/\/le-garden.com\/wp-content\/uploads\/2024\/11\/cropped-DSC_0624-scaled-1.jpg\" data-mime-type=\"video\/mp4\"\r\n            data-position-x=\"50.0000\" data-position-y=\"50.0000\" data-colibri-component=\"video-background\" class=\"cp-video-bg background-layer colibri-video-background\" style=\"background-image: url(&quot;https:\/\/le-garden.com\/wp-content\/uploads\/2024\/11\/cropped-DSC_0624-scaled-1.jpg&quot;);\"><\/div>\r\n        <\/div>\r\n      <\/div>\r\n      <div class=\"background-layer background-layer-media-container-md\">\r\n        <div class=\"background-layer\">\r\n          <div id=\"background-video-16842-c2-tablet\" data-video=\"https:\/\/le-garden.com\/wp-content\/uploads\/2025\/07\/Video-Site-Le-Garden.mp4\" data-poster=\"https:\/\/le-garden.com\/wp-content\/uploads\/2024\/11\/cropped-DSC_0624-scaled-1.jpg\" data-mime-type=\"video\/mp4\"\r\n            data-position-x=\"50.0000\" data-position-y=\"50.0000\" data-colibri-component=\"video-background\" class=\"cp-video-bg background-layer colibri-video-background\" style=\"background-image: url(&quot;https:\/\/le-garden.com\/wp-content\/uploads\/2024\/11\/cropped-DSC_0624-scaled-1.jpg&quot;);\"><\/div>\r\n        <\/div>\r\n      <\/div>\r\n      <div class=\"background-layer background-layer-media-container\">\r\n        <div class=\"background-layer\">\r\n          <div id=\"background-video-16842-c2-mobile\" data-video=\"https:\/\/le-garden.com\/wp-content\/uploads\/2025\/07\/Video-Site-Le-Garden.mp4\" data-poster=\"https:\/\/le-garden.com\/wp-content\/uploads\/2024\/11\/cropped-DSC_0624-scaled-1.jpg\" data-mime-type=\"video\/mp4\"\r\n            data-position-x=\"50.0000\" data-position-y=\"50.0000\" data-colibri-component=\"video-background\" class=\"cp-video-bg background-layer colibri-video-background\" style=\"background-image: url(&quot;https:\/\/le-garden.com\/wp-content\/uploads\/2024\/11\/cropped-DSC_0624-scaled-1.jpg&quot;);\"><\/div>\r\n        <\/div>\r\n      <\/div>\r\n    <\/div>\r\n    <!---->\r\n    <div class=\"h-section-grid-container h-section-boxed-container\">\r\n      <!---->\r\n      <div data-colibri-id=\"16842-c3\" class=\"h-row-container gutters-row-lg-0 gutters-row-md-0 gutters-row-2 gutters-row-v-lg-0 gutters-row-v-md-0 gutters-row-v-0 style-4824 style-local-16842-c3 position-relative\">\r\n        <!---->\r\n        <div class=\"h-row justify-content-lg-center justify-content-md-center justify-content-center align-items-lg-center align-items-md-center align-items-center gutters-col-lg-0 gutters-col-md-0 gutters-col-2 gutters-col-v-lg-0 gutters-col-v-md-0 gutters-col-v-0\">\r\n          <!---->\r\n          <div class=\"h-column h-column-container d-flex h-col-lg-auto h-col-md-auto h-col-auto align-self-lg-center align-self-md-center align-self-center style-4825-outer style-local-16842-c4-outer\">\r\n            <div data-colibri-id=\"16842-c4\" class=\"d-flex h-flex-basis h-column__inner h-px-lg-0 h-px-md-0 h-px-0 v-inner-lg-0 v-inner-md-0 v-inner-0 style-4825 style-local-16842-c4 position-relative\">\r\n              <!---->\r\n              <!---->\r\n              <div class=\"w-100 h-y-container h-column__content h-column__v-align flex-basis-100 align-self-lg-center align-self-md-center align-self-center\">\r\n                <!---->\r\n                <div data-colibri-id=\"16842-c5\" class=\"d-block style-4826 style-local-16842-c5 position-relative h-element\">\r\n                  <!---->\r\n                  <div class=\"h-image__frame-container-outer\">\r\n                    <div class=\"h-image__frame-container\">\r\n                      <!---->\r\n                      <!---->\r\n                      <img decoding=\"async\" src=\"https:\/\/le-garden.com\/wp-content\/uploads\/2023\/10\/cropped-cropped-cropped-LOGO_LE-GARDEN_RESTAURANT_V-300x300.png\" class=\"style-4826-image style-local-16842-c5-image\">\r\n                      <div class=\"h-image__frame h-hide-lg h-hide-md h-hide-sm style-4826-frameImage style-local-16842-c5-frameImage\"><\/div>\r\n                    <\/div>\r\n                  <\/div>\r\n                <\/div>\r\n              <\/div>\r\n            <\/div>\r\n          <\/div>\r\n        <\/div>\r\n      <\/div>\r\n    <\/div>\r\n  <\/div>\r\n  <div data-colibri-component=\"section\" data-colibri-id=\"16842-c6\" id=\"about-2\" class=\"h-section h-section-global-spacing d-flex align-items-lg-center align-items-md-center align-items-center style-4827 style-local-16842-c6 position-relative\">\r\n    <div class=\"background-wrapper\">\r\n      <div class=\"background-layer background-layer-media-container-lg\">\r\n        <!---->\r\n        <div class=\"overlay-layer\">\r\n          <div class=\"overlay-image-layer\" style=\"background-image: linear-gradient(90deg, rgb(255, 255, 255) 40%, rgba(69, 58, 148, 0) 40%);\"><\/div>\r\n        <\/div>\r\n      <\/div>\r\n      <div class=\"background-layer background-layer-media-container-md\">\r\n        <!---->\r\n        <div class=\"overlay-layer\">\r\n          <div class=\"overlay-image-layer\" style=\"background-image: linear-gradient(90deg, rgb(255, 255, 255) 40%, rgba(69, 58, 148, 0) 40%);\"><\/div>\r\n        <\/div>\r\n      <\/div>\r\n      <div class=\"background-layer background-layer-media-container\">\r\n        <!---->\r\n        <div class=\"overlay-layer\">\r\n          <div class=\"overlay-image-layer\" style=\"background-image: linear-gradient(90deg, rgb(255, 255, 255) 40%, rgba(69, 58, 148, 0) 40%);\"><\/div>\r\n        <\/div>\r\n      <\/div>\r\n    <\/div>\r\n    <!---->\r\n    <div class=\"h-section-grid-container h-section-boxed-container\">\r\n      <!---->\r\n      <div data-colibri-id=\"16842-c7\" class=\"h-row-container gutters-row-lg-0 gutters-row-md-0 gutters-row-2 gutters-row-v-lg-0 gutters-row-v-md-0 gutters-row-v-0 style-4828 style-local-16842-c7 position-relative\">\r\n        <!---->\r\n        <div class=\"h-row justify-content-lg-start justify-content-md-start justify-content-start align-items-lg-stretch align-items-md-stretch align-items-stretch gutters-col-lg-0 gutters-col-md-0 gutters-col-2 gutters-col-v-lg-0 gutters-col-v-md-0 gutters-col-v-0\">\r\n          <!---->\r\n          <div class=\"h-column h-column-container d-flex h-col-lg-auto h-col-md-auto h-col-auto style-4829-outer style-local-16842-c8-outer\">\r\n            <div data-colibri-id=\"16842-c8\" class=\"d-flex h-flex-basis h-column__inner h-px-lg-0 h-px-md-0 h-px-0 v-inner-lg-0 v-inner-md-0 v-inner-0 style-4829 style-local-16842-c8 position-relative\">\r\n              <!---->\r\n              <!---->\r\n              <div class=\"w-100 h-y-container h-column__content h-column__v-align flex-basis-100 align-self-lg-center align-self-md-center align-self-center\">\r\n                <!---->\r\n                <div data-colibri-id=\"16842-c9\" class=\"h-text h-text-component style-4830 style-local-16842-c9 position-relative h-element\">\r\n                  <!---->\r\n                  <!---->\r\n                  <div class=\"\">\r\n                    <h1><span style=\"color: rgb(207, 155, 70);\">Notre histoire<\/span><\/h1>\r\n                    <p>\r\n                      <br>\r\n                    <\/p>\r\n                  <\/div>\r\n                <\/div>\r\n                <div data-colibri-id=\"16842-c10\" class=\"h-global-transition-all h-heading style-4831 style-local-16842-c10 position-relative h-element\">\r\n                  <!---->\r\n                  <div class=\"h-heading__outer style-4831 style-local-16842-c10\">\r\n                    <!---->\r\n                    <!---->\r\n                    <h3 class=\"\">Le Garden est un jeune restaurant gastronomique, situ\u00e9 \u00e0 Saint-Maur-des-Foss\u00e9s dans un cadre privil\u00e9gi\u00e9 en Bords de Marne, \u00e0 15 minutes des portes de Paris.\r\n                      <br>\r\n                      <br>L\u2019\u00e9tablissement poss\u00e8de une salle consacr\u00e9e au restaurant gastronomique enti\u00e8rement r\u00e9nov\u00e9e, avec sa terrasse d\u2019\u00e9t\u00e9, ainsi qu\u2019une salle de r\u00e9ception ind\u00e9pendante g\u00e9r\u00e9e par notre \u00e9quipe traiteur d\u00e9di\u00e9e.\r\n                      <br>\r\n                      <br>Conscient des nouveaux enjeux et d\u00e9fis du secteur, nous nous effor\u00e7ons au d\u00e9veloppement d\u2019un restaurant plus durable et responsable.&nbsp;Notre d\u00e9marche culinaire va de pair avec une s\u00e9lection rigoureuse des producteurs qu\u2019ils soient\r\n                      \u00e9leveurs, mara\u00eechers, ou viticulteurs.\r\n                      <br>\r\n                      <br>Dans ce sens, nous privil\u00e9gions les produits de saison, qui plus est locaux, issus de circuit court d\u2019approvisionnement. Notre volaille est par exemple \u00e9lev\u00e9e dans une ferme francilienne, tout comme nos herbes aromatiques, et certains\r\n                      de nos l\u00e9gumes. Par ailleurs, l\u2019ensemble de notre cr\u00e8merie (lait, cr\u00e8me, \u0153uf), est 100% d\u2019origine fran\u00e7aise.\r\n                      <br>\r\n                      <br>Enfin, en bout de chaine, nous prenons part \u00e0 l\u2019\u00e9conomie circulaire, en recyclant l\u2019int\u00e9gralit\u00e9 de nos huiles usag\u00e9es \u00e0 destination notamment des biocarburants.\r\n                      <br>\r\n                      <br>\r\n                      <br>\r\n                    <\/h3>\r\n                  <\/div>\r\n                <\/div>\r\n                <div data-colibri-id=\"16842-c11\" class=\"h-x-container style-4832 style-local-16842-c11 position-relative h-element\">\r\n                  <!---->\r\n                  <div class=\"h-x-container-inner style-dynamic-16842-c11-group style-4832-spacing style-local-16842-c11-spacing\"><span class=\"h-button__outer style-4833-outer style-local-16842-c12-outer d-inline-flex h-element\"><a h-use-smooth-scroll=\"true\" href=\"https:\/\/le-garden.com\/index.php\/produits-locaux\/\"  data-colibri-id=\"16842-c12\" class=\"d-flex w-100 align-items-center h-button justify-content-lg-center justify-content-md-center justify-content-center style-4833 style-local-16842-c12 position-relative\"><!----><!----> <span>Notre d\u00e9marche locale<\/span><\/a>\r\n                    <\/span>\r\n                  <\/div>\r\n                <\/div>\r\n              <\/div>\r\n            <\/div>\r\n          <\/div>\r\n        <\/div>\r\n      <\/div>\r\n    <\/div>\r\n  <\/div>\r\n  <div data-colibri-component=\"section\" data-colibri-id=\"16842-c13\" id=\"about\" class=\"h-section h-section-global-spacing d-flex align-items-lg-center align-items-md-center align-items-center style-4834 style-local-16842-c13 position-relative\">\r\n    <!---->\r\n    <!---->\r\n    <div class=\"h-section-grid-container h-section-boxed-container\">\r\n      <!---->\r\n      <div data-colibri-id=\"16842-c14\" class=\"h-row-container gutters-row-lg-2 gutters-row-md-2 gutters-row-2 gutters-row-v-lg-2 gutters-row-v-md-2 gutters-row-v-2 style-4835 style-local-16842-c14 position-relative\">\r\n        <!---->\r\n        <div class=\"h-row justify-content-lg-center justify-content-md-center justify-content-center align-items-lg-stretch align-items-md-stretch align-items-stretch gutters-col-lg-2 gutters-col-md-2 gutters-col-2 gutters-col-v-lg-2 gutters-col-v-md-2 gutters-col-v-2\">\r\n          <!---->\r\n          <div class=\"h-column h-column-container d-flex h-col-lg-auto h-col-md-auto h-col-auto style-4836-outer style-local-16842-c15-outer\">\r\n            <div data-colibri-id=\"16842-c15\" class=\"d-flex h-flex-basis h-column__inner h-px-lg-2 h-px-md-2 h-px-2 v-inner-lg-2 v-inner-md-2 v-inner-2 style-4836 style-local-16842-c15 position-relative\">\r\n              <!---->\r\n              <!---->\r\n              <div class=\"w-100 h-y-container h-column__content h-column__v-align flex-basis-100 align-self-lg-center align-self-md-center align-self-center\">\r\n                <!---->\r\n                <div data-colibri-id=\"16842-c16\" class=\"h-global-transition-all h-heading style-4837 style-local-16842-c16 position-relative h-element\">\r\n                  <!---->\r\n                  <div class=\"h-heading__outer style-4837 style-local-16842-c16\">\r\n                    <!---->\r\n                    <!---->\r\n                    <h2 class=\"\"><span style=\"color: rgb(207, 155, 70);\">Adrien Poirier<\/span><\/h2>\r\n                  <\/div>\r\n                <\/div>\r\n                <div data-colibri-id=\"16842-c17\" class=\"h-text h-text-component style-4838 style-local-16842-c17 position-relative h-element\">\r\n                  <!---->\r\n                  <!---->\r\n                  <div class=\"\">\r\n                    <p><span style=\"font-weight: 300;\">La salle du Restaurant Le Garden Saint-Maur est l\u2019oeuvre d\u2019une \u00e9quipe dirig\u00e9e par le ma\u00eetre d\u2019h\u00f4tel et directeur d\u2019\u00e9tablissement, Adrien Poirier.<\/span><\/p>\r\n                    <p><span style=\"font-weight: 300;\">Fils de restaurateur, Adrien est dipl\u00f4m\u00e9 d\u2019un MBA H\u00f4tellerie et Restauration \u00e0 l\u2019ESG. Il dispose de plus de 10 ans d\u2019exp\u00e9rience via diverses responsabilit\u00e9s dans des \u00e9tablissements prestigieux tels que le Bofinger ou le Grand H\u00f4tel.<\/span><\/p>\r\n                    <p><span style=\"font-weight: 300;\">Son objectif est d\u2019offrir une qualit\u00e9 de service haut de gamme en mettant au coeur de son attention la satisfaction et l\u2019exp\u00e9rience client.&nbsp;<\/span><\/p>\r\n                  <\/div>\r\n                <\/div>\r\n              <\/div>\r\n            <\/div>\r\n          <\/div>\r\n          <div class=\"h-column h-column-container d-flex h-col-lg-auto h-col-md-auto h-col-auto style-4839-outer style-local-16842-c18-outer\">\r\n            <div data-colibri-id=\"16842-c18\" class=\"d-flex h-flex-basis h-column__inner h-px-lg-2 h-px-md-2 h-px-2 v-inner-lg-2 v-inner-md-2 v-inner-2 style-4839 style-local-16842-c18 position-relative\">\r\n              <!---->\r\n              <!---->\r\n              <div class=\"w-100 h-y-container h-column__content h-column__v-align flex-basis-100 align-self-lg-center align-self-md-center align-self-center\">\r\n                <!---->\r\n                <div data-colibri-id=\"16842-c19\" class=\"d-block style-4840 style-local-16842-c19 position-relative h-element\">\r\n                  <!---->\r\n                  <div class=\"h-image__frame-container-outer\">\r\n                    <div class=\"h-image__frame-container\">\r\n                      <!---->\r\n                      <!---->\r\n                      <img loading=\"lazy\" decoding=\"async\" width=\"1707\" height=\"2560\" src=\"https:\/\/le-garden.com\/wp-content\/uploads\/2024\/11\/Garden-47-scaled.jpg\" class=\"wp-image-13862 style-4840-image style-local-16842-c19-image\" alt=\"\" srcset=\"https:\/\/le-garden.com\/wp-content\/uploads\/2024\/11\/Garden-47-scaled.jpg 1707w, https:\/\/le-garden.com\/wp-content\/uploads\/2024\/11\/Garden-47-200x300.jpg 200w, https:\/\/le-garden.com\/wp-content\/uploads\/2024\/11\/Garden-47-683x1024.jpg 683w, https:\/\/le-garden.com\/wp-content\/uploads\/2024\/11\/Garden-47-768x1152.jpg 768w, https:\/\/le-garden.com\/wp-content\/uploads\/2024\/11\/Garden-47-1024x1536.jpg 1024w, https:\/\/le-garden.com\/wp-content\/uploads\/2024\/11\/Garden-47-1366x2048.jpg 1366w, https:\/\/le-garden.com\/wp-content\/uploads\/2024\/11\/Garden-47-600x900.jpg 600w\" sizes=\"auto, (max-width: 1707px) 100vw, 1707px\" \/>\r\n                      <div class=\"h-image__frame h-hide-lg h-hide-md h-hide-sm style-4840-frameImage style-local-16842-c19-frameImage\"><\/div>\r\n                    <\/div>\r\n                  <\/div>\r\n                <\/div>\r\n              <\/div>\r\n            <\/div>\r\n          <\/div>\r\n        <\/div>\r\n      <\/div>\r\n      <div data-colibri-id=\"16842-c20\" class=\"h-row-container gutters-row-lg-2 gutters-row-md-2 gutters-row-2 gutters-row-v-lg-2 gutters-row-v-md-2 gutters-row-v-2 style-4835 style-local-16842-c20 position-relative\">\r\n        <!---->\r\n        <div class=\"h-row justify-content-lg-center justify-content-md-center justify-content-center align-items-lg-stretch align-items-md-stretch align-items-stretch gutters-col-lg-2 gutters-col-md-2 gutters-col-2 gutters-col-v-lg-2 gutters-col-v-md-2 gutters-col-v-2\">\r\n          <!---->\r\n          <div class=\"h-column h-column-container d-flex h-col-lg-auto h-col-md-auto h-col-auto style-4839-outer style-local-16842-c21-outer\">\r\n            <div data-colibri-id=\"16842-c21\" class=\"d-flex h-flex-basis h-column__inner h-px-lg-2 h-px-md-2 h-px-2 v-inner-lg-2 v-inner-md-2 v-inner-2 style-4839 style-local-16842-c21 position-relative\">\r\n              <!---->\r\n              <!---->\r\n              <div class=\"w-100 h-y-container h-column__content h-column__v-align flex-basis-100 align-self-lg-center align-self-md-center align-self-center\">\r\n                <!---->\r\n                <div data-colibri-id=\"16842-c22\" class=\"d-block style-4840 style-local-16842-c22 position-relative h-element\">\r\n                  <!---->\r\n                  <div class=\"h-image__frame-container-outer\">\r\n                    <div class=\"h-image__frame-container\">\r\n                      <!---->\r\n                      <!---->\r\n                      <img decoding=\"async\" src=\"https:\/\/le-garden.com\/wp-content\/uploads\/2024\/11\/1164-05-Corporate-Le-Garden-_fullres.jpg\" class=\"wp-image-13880 style-4840-image style-local-16842-c22-image\" alt=\"\" \/>\r\n                      <div class=\"h-image__frame h-hide-lg h-hide-md h-hide-sm style-4840-frameImage style-local-16842-c22-frameImage\"><\/div>\r\n                    <\/div>\r\n                  <\/div>\r\n                <\/div>\r\n              <\/div>\r\n            <\/div>\r\n          <\/div>\r\n          <div class=\"h-column h-column-container d-flex h-col-lg-auto h-col-md-auto h-col-auto style-4836-outer style-local-16842-c23-outer\">\r\n            <div data-colibri-id=\"16842-c23\" class=\"d-flex h-flex-basis h-column__inner h-px-lg-2 h-px-md-2 h-px-2 v-inner-lg-2 v-inner-md-2 v-inner-2 style-4836 style-local-16842-c23 position-relative\">\r\n              <!---->\r\n              <!---->\r\n              <div class=\"w-100 h-y-container h-column__content h-column__v-align flex-basis-100 align-self-lg-center align-self-md-center align-self-center\">\r\n                <!---->\r\n                <div data-colibri-id=\"16842-c24\" class=\"h-global-transition-all h-heading style-4837 style-local-16842-c24 position-relative h-element\">\r\n                  <!---->\r\n                  <div class=\"h-heading__outer style-4837 style-local-16842-c24\">\r\n                    <!---->\r\n                    <!---->\r\n                    <h2 class=\"\"><span style=\"color: rgb(207, 155, 70);\">Florian Pl\u00e9<\/span><\/h2>\r\n                  <\/div>\r\n                <\/div>\r\n                <div data-colibri-id=\"16842-c25\" class=\"h-text h-text-component style-4838 style-local-16842-c25 position-relative h-element\">\r\n                  <!---->\r\n                  <!---->\r\n                  <div class=\"\">\r\n                    <p><span style=\"font-weight: 300;\">La cuisine du Garden Saint-Maur est l\u2019oeuvre d\u2019une brigade dirig\u00e9e par le Chef Florian Pl\u00e9.<\/span><\/p>\r\n                    <p><span style=\"font-weight: 300;\">Fort de 10 ann\u00e9es d\u2019exp\u00e9riences dans des \u00e9tablissements \u00e9toil\u00e9s au guide Michelin, il sait se r\u00e9inventer \u00e0 chaque instant pour vous proposer une cuisine riche en saveurs et en accord avec les saisons.<\/span><\/p>\r\n                  <\/div>\r\n                <\/div>\r\n              <\/div>\r\n            <\/div>\r\n          <\/div>\r\n        <\/div>\r\n      <\/div>\r\n      <div data-colibri-id=\"16842-c26\" class=\"h-row-container gutters-row-lg-2 gutters-row-md-2 gutters-row-2 gutters-row-v-lg-2 gutters-row-v-md-2 gutters-row-v-2 style-4841 style-local-16842-c26 position-relative\">\r\n        <!---->\r\n        <div class=\"h-row justify-content-lg-center justify-content-md-center justify-content-center align-items-lg-stretch align-items-md-stretch align-items-stretch gutters-col-lg-2 gutters-col-md-2 gutters-col-2 gutters-col-v-lg-2 gutters-col-v-md-2 gutters-col-v-2\">\r\n          <!---->\r\n          <div class=\"h-column h-column-container d-flex h-col-lg-auto h-col-md-auto h-col-auto style-4836-outer style-local-16842-c27-outer\">\r\n            <div data-colibri-id=\"16842-c27\" class=\"d-flex h-flex-basis h-column__inner h-px-lg-2 h-px-md-2 h-px-2 v-inner-lg-2 v-inner-md-2 v-inner-2 style-4836 style-local-16842-c27 position-relative\">\r\n              <!---->\r\n              <!---->\r\n              <div class=\"w-100 h-y-container h-column__content h-column__v-align flex-basis-100 align-self-lg-center align-self-md-center align-self-center\">\r\n                <!---->\r\n                <div data-colibri-id=\"16842-c28\" class=\"h-global-transition-all h-heading style-4837 style-local-16842-c28 position-relative h-element\">\r\n                  <!---->\r\n                  <div class=\"h-heading__outer style-4837 style-local-16842-c28\">\r\n                    <!---->\r\n                    <!---->\r\n                    <h2 class=\"\"><span style=\"color: rgb(207, 155, 70);\">Jonathan Par\u00e9<\/span><\/h2>\r\n                  <\/div>\r\n                <\/div>\r\n                <div data-colibri-id=\"16842-c29\" class=\"h-text h-text-component style-4838 style-local-16842-c29 position-relative h-element\">\r\n                  <!---->\r\n                  <!---->\r\n                  <div class=\"\">\r\n                    <p>Notre \u00e9quipe traiteur est dirig\u00e9e par Jonathan Par\u00e9, chef form\u00e9 \u00e0 la culture de la gastronomie fran\u00e7aise.<\/p>\r\n                    <p>Il s\u2019est par la suite sp\u00e9cialis\u00e9 dans le domaine du traiteur avec plus de 10 ans d\u2019exp\u00e9rience.<\/p>\r\n                    <p>Notre chef entreprend une d\u00e9marche de proximit\u00e9 dans la recherche de nos produits en se rendant une fois par semaine sur le march\u00e9 de Rungis.<\/p>\r\n                  <\/div>\r\n                <\/div>\r\n              <\/div>\r\n            <\/div>\r\n          <\/div>\r\n          <div class=\"h-column h-column-container d-flex h-col-lg-auto h-col-md-auto h-col-auto style-4839-outer style-local-16842-c30-outer\">\r\n            <div data-colibri-id=\"16842-c30\" class=\"d-flex h-flex-basis h-column__inner h-px-lg-2 h-px-md-2 h-px-2 v-inner-lg-2 v-inner-md-2 v-inner-2 style-4839 style-local-16842-c30 position-relative\">\r\n              <!---->\r\n              <!---->\r\n              <div class=\"w-100 h-y-container h-column__content h-column__v-align flex-basis-100 align-self-lg-center align-self-md-center align-self-center\">\r\n                <!---->\r\n                <div data-colibri-id=\"16842-c31\" class=\"d-block style-4840 style-local-16842-c31 position-relative h-element\">\r\n                  <!---->\r\n                  <div class=\"h-image__frame-container-outer\">\r\n                    <div class=\"h-image__frame-container\">\r\n                      <!---->\r\n                      <!---->\r\n                      <img decoding=\"async\" src=\"https:\/\/le-garden.com\/wp-content\/uploads\/2024\/11\/Garden-5-1-scaled.jpg\" class=\"wp-image-13877 style-4840-image style-local-16842-c31-image\" alt=\"\" \/>\r\n                      <div class=\"h-image__frame h-hide-lg h-hide-md h-hide-sm style-4840-frameImage style-local-16842-c31-frameImage\"><\/div>\r\n                    <\/div>\r\n                  <\/div>\r\n                <\/div>\r\n              <\/div>\r\n            <\/div>\r\n          <\/div>\r\n        <\/div>\r\n      <\/div>\r\n    <\/div>\r\n  <\/div>\r\n<\/div>","protected":false},"excerpt":{"rendered":"<p>Notre histoire Le Garden est un jeune restaurant gastronomique, situ\u00e9 \u00e0 Saint-Maur-des-Foss\u00e9s dans un cadre privil\u00e9gi\u00e9 en Bords de Marne, \u00e0 15 minutes des portes de Paris. L\u2019\u00e9tablissement poss\u00e8de une salle consacr\u00e9e au restaurant gastronomique enti\u00e8rement r\u00e9nov\u00e9e, avec sa terrasse d\u2019\u00e9t\u00e9, ainsi qu\u2019une salle de r\u00e9ception ind\u00e9pendante g\u00e9r\u00e9e par notre \u00e9quipe traiteur d\u00e9di\u00e9e. Conscient des [&hellip;]<\/p>\n","protected":false},"author":1,"featured_media":0,"parent":0,"menu_order":0,"comment_status":"closed","ping_status":"closed","template":"page-templates\/full-width-page.php","meta":{"footnotes":""},"class_list":["post-16842","page","type-page","status-publish","hentry"],"yoast_head":"<!-- This site is optimized with the Yoast SEO plugin v27.1.1 - https:\/\/yoast.com\/product\/yoast-seo-wordpress\/ -->\n<title>Cadeaux - Le Garden<\/title>\n<meta name=\"robots\" content=\"index, follow, max-snippet:-1, max-image-preview:large, max-video-preview:-1\" \/>\n<link rel=\"canonical\" href=\"https:\/\/le-garden.com\/index.php\/cadeaux\/\" \/>\n<meta property=\"og:locale\" content=\"fr_FR\" \/>\n<meta property=\"og:type\" content=\"article\" \/>\n<meta property=\"og:title\" content=\"Cadeaux - Le Garden\" \/>\n<meta property=\"og:description\" content=\"Notre histoire Le Garden est un jeune restaurant gastronomique, situ\u00e9 \u00e0 Saint-Maur-des-Foss\u00e9s dans un cadre privil\u00e9gi\u00e9 en Bords de Marne, \u00e0 15 minutes des portes de Paris. L\u2019\u00e9tablissement poss\u00e8de une salle consacr\u00e9e au restaurant gastronomique enti\u00e8rement r\u00e9nov\u00e9e, avec sa terrasse d\u2019\u00e9t\u00e9, ainsi qu\u2019une salle de r\u00e9ception ind\u00e9pendante g\u00e9r\u00e9e par notre \u00e9quipe traiteur d\u00e9di\u00e9e. Conscient des [&hellip;]\" \/>\n<meta property=\"og:url\" content=\"https:\/\/le-garden.com\/index.php\/cadeaux\/\" \/>\n<meta property=\"og:site_name\" content=\"Le Garden\" \/>\n<meta property=\"article:modified_time\" content=\"2026-03-25T13:37:13+00:00\" \/>\n<meta property=\"og:image\" content=\"https:\/\/le-garden.com\/wp-content\/uploads\/2023\/10\/cropped-cropped-cropped-LOGO_LE-GARDEN_RESTAURANT_V-300x300.png\" \/>\n<meta name=\"twitter:card\" content=\"summary_large_image\" \/>\n<meta name=\"twitter:label1\" content=\"Dur\u00e9e de lecture estim\u00e9e\" \/>\n\t<meta name=\"twitter:data1\" content=\"3 minutes\" \/>\n<script type=\"application\/ld+json\" class=\"yoast-schema-graph\">{\"@context\":\"https:\/\/schema.org\",\"@graph\":[{\"@type\":\"WebPage\",\"@id\":\"https:\/\/le-garden.com\/index.php\/cadeaux\/\",\"url\":\"https:\/\/le-garden.com\/index.php\/cadeaux\/\",\"name\":\"Cadeaux - Le Garden\",\"isPartOf\":{\"@id\":\"https:\/\/le-garden.com\/#website\"},\"primaryImageOfPage\":{\"@id\":\"https:\/\/le-garden.com\/index.php\/cadeaux\/#primaryimage\"},\"image\":{\"@id\":\"https:\/\/le-garden.com\/index.php\/cadeaux\/#primaryimage\"},\"thumbnailUrl\":\"https:\/\/le-garden.com\/wp-content\/uploads\/2023\/10\/cropped-cropped-cropped-LOGO_LE-GARDEN_RESTAURANT_V-300x300.png\",\"datePublished\":\"2026-03-25T13:01:38+00:00\",\"dateModified\":\"2026-03-25T13:37:13+00:00\",\"breadcrumb\":{\"@id\":\"https:\/\/le-garden.com\/index.php\/cadeaux\/#breadcrumb\"},\"inLanguage\":\"fr-FR\",\"potentialAction\":[{\"@type\":\"ReadAction\",\"target\":[\"https:\/\/le-garden.com\/index.php\/cadeaux\/\"]}]},{\"@type\":\"ImageObject\",\"inLanguage\":\"fr-FR\",\"@id\":\"https:\/\/le-garden.com\/index.php\/cadeaux\/#primaryimage\",\"url\":\"https:\/\/le-garden.com\/wp-content\/uploads\/2023\/10\/cropped-cropped-cropped-LOGO_LE-GARDEN_RESTAURANT_V.png\",\"contentUrl\":\"https:\/\/le-garden.com\/wp-content\/uploads\/2023\/10\/cropped-cropped-cropped-LOGO_LE-GARDEN_RESTAURANT_V.png\",\"width\":5906,\"height\":5906},{\"@type\":\"BreadcrumbList\",\"@id\":\"https:\/\/le-garden.com\/index.php\/cadeaux\/#breadcrumb\",\"itemListElement\":[{\"@type\":\"ListItem\",\"position\":1,\"name\":\"Accueil\",\"item\":\"https:\/\/le-garden.com\/\"},{\"@type\":\"ListItem\",\"position\":2,\"name\":\"Cadeaux\"}]},{\"@type\":\"WebSite\",\"@id\":\"https:\/\/le-garden.com\/#website\",\"url\":\"https:\/\/le-garden.com\/\",\"name\":\"Le Garden\",\"description\":\"Restaurant\",\"publisher\":{\"@id\":\"https:\/\/le-garden.com\/#organization\"},\"potentialAction\":[{\"@type\":\"SearchAction\",\"target\":{\"@type\":\"EntryPoint\",\"urlTemplate\":\"https:\/\/le-garden.com\/?s={search_term_string}\"},\"query-input\":{\"@type\":\"PropertyValueSpecification\",\"valueRequired\":true,\"valueName\":\"search_term_string\"}}],\"inLanguage\":\"fr-FR\"},{\"@type\":\"Organization\",\"@id\":\"https:\/\/le-garden.com\/#organization\",\"name\":\"Le Garden\",\"url\":\"https:\/\/le-garden.com\/\",\"logo\":{\"@type\":\"ImageObject\",\"inLanguage\":\"fr-FR\",\"@id\":\"https:\/\/le-garden.com\/#\/schema\/logo\/image\/\",\"url\":\"https:\/\/le-garden.com\/wp-content\/uploads\/2023\/10\/cropped-LOGO_LE-GARDEN_RESTAURANT_V.png\",\"contentUrl\":\"https:\/\/le-garden.com\/wp-content\/uploads\/2023\/10\/cropped-LOGO_LE-GARDEN_RESTAURANT_V.png\",\"width\":5906,\"height\":5906,\"caption\":\"Le Garden\"},\"image\":{\"@id\":\"https:\/\/le-garden.com\/#\/schema\/logo\/image\/\"}}]}<\/script>\n<!-- \/ Yoast SEO plugin. -->","yoast_head_json":{"title":"Cadeaux - Le Garden","robots":{"index":"index","follow":"follow","max-snippet":"max-snippet:-1","max-image-preview":"max-image-preview:large","max-video-preview":"max-video-preview:-1"},"canonical":"https:\/\/le-garden.com\/index.php\/cadeaux\/","og_locale":"fr_FR","og_type":"article","og_title":"Cadeaux - Le Garden","og_description":"Notre histoire Le Garden est un jeune restaurant gastronomique, situ\u00e9 \u00e0 Saint-Maur-des-Foss\u00e9s dans un cadre privil\u00e9gi\u00e9 en Bords de Marne, \u00e0 15 minutes des portes de Paris. L\u2019\u00e9tablissement poss\u00e8de une salle consacr\u00e9e au restaurant gastronomique enti\u00e8rement r\u00e9nov\u00e9e, avec sa terrasse d\u2019\u00e9t\u00e9, ainsi qu\u2019une salle de r\u00e9ception ind\u00e9pendante g\u00e9r\u00e9e par notre \u00e9quipe traiteur d\u00e9di\u00e9e. Conscient des [&hellip;]","og_url":"https:\/\/le-garden.com\/index.php\/cadeaux\/","og_site_name":"Le Garden","article_modified_time":"2026-03-25T13:37:13+00:00","og_image":[{"url":"https:\/\/le-garden.com\/wp-content\/uploads\/2023\/10\/cropped-cropped-cropped-LOGO_LE-GARDEN_RESTAURANT_V-300x300.png","type":"","width":"","height":""}],"twitter_card":"summary_large_image","twitter_misc":{"Dur\u00e9e de lecture estim\u00e9e":"3 minutes"},"schema":{"@context":"https:\/\/schema.org","@graph":[{"@type":"WebPage","@id":"https:\/\/le-garden.com\/index.php\/cadeaux\/","url":"https:\/\/le-garden.com\/index.php\/cadeaux\/","name":"Cadeaux - Le Garden","isPartOf":{"@id":"https:\/\/le-garden.com\/#website"},"primaryImageOfPage":{"@id":"https:\/\/le-garden.com\/index.php\/cadeaux\/#primaryimage"},"image":{"@id":"https:\/\/le-garden.com\/index.php\/cadeaux\/#primaryimage"},"thumbnailUrl":"https:\/\/le-garden.com\/wp-content\/uploads\/2023\/10\/cropped-cropped-cropped-LOGO_LE-GARDEN_RESTAURANT_V-300x300.png","datePublished":"2026-03-25T13:01:38+00:00","dateModified":"2026-03-25T13:37:13+00:00","breadcrumb":{"@id":"https:\/\/le-garden.com\/index.php\/cadeaux\/#breadcrumb"},"inLanguage":"fr-FR","potentialAction":[{"@type":"ReadAction","target":["https:\/\/le-garden.com\/index.php\/cadeaux\/"]}]},{"@type":"ImageObject","inLanguage":"fr-FR","@id":"https:\/\/le-garden.com\/index.php\/cadeaux\/#primaryimage","url":"https:\/\/le-garden.com\/wp-content\/uploads\/2023\/10\/cropped-cropped-cropped-LOGO_LE-GARDEN_RESTAURANT_V.png","contentUrl":"https:\/\/le-garden.com\/wp-content\/uploads\/2023\/10\/cropped-cropped-cropped-LOGO_LE-GARDEN_RESTAURANT_V.png","width":5906,"height":5906},{"@type":"BreadcrumbList","@id":"https:\/\/le-garden.com\/index.php\/cadeaux\/#breadcrumb","itemListElement":[{"@type":"ListItem","position":1,"name":"Accueil","item":"https:\/\/le-garden.com\/"},{"@type":"ListItem","position":2,"name":"Cadeaux"}]},{"@type":"WebSite","@id":"https:\/\/le-garden.com\/#website","url":"https:\/\/le-garden.com\/","name":"Le Garden","description":"Restaurant","publisher":{"@id":"https:\/\/le-garden.com\/#organization"},"potentialAction":[{"@type":"SearchAction","target":{"@type":"EntryPoint","urlTemplate":"https:\/\/le-garden.com\/?s={search_term_string}"},"query-input":{"@type":"PropertyValueSpecification","valueRequired":true,"valueName":"search_term_string"}}],"inLanguage":"fr-FR"},{"@type":"Organization","@id":"https:\/\/le-garden.com\/#organization","name":"Le Garden","url":"https:\/\/le-garden.com\/","logo":{"@type":"ImageObject","inLanguage":"fr-FR","@id":"https:\/\/le-garden.com\/#\/schema\/logo\/image\/","url":"https:\/\/le-garden.com\/wp-content\/uploads\/2023\/10\/cropped-LOGO_LE-GARDEN_RESTAURANT_V.png","contentUrl":"https:\/\/le-garden.com\/wp-content\/uploads\/2023\/10\/cropped-LOGO_LE-GARDEN_RESTAURANT_V.png","width":5906,"height":5906,"caption":"Le Garden"},"image":{"@id":"https:\/\/le-garden.com\/#\/schema\/logo\/image\/"}}]}},"_links":{"self":[{"href":"https:\/\/le-garden.com\/index.php\/wp-json\/wp\/v2\/pages\/16842","targetHints":{"allow":["GET"]}}],"collection":[{"href":"https:\/\/le-garden.com\/index.php\/wp-json\/wp\/v2\/pages"}],"about":[{"href":"https:\/\/le-garden.com\/index.php\/wp-json\/wp\/v2\/types\/page"}],"author":[{"embeddable":true,"href":"https:\/\/le-garden.com\/index.php\/wp-json\/wp\/v2\/users\/1"}],"replies":[{"embeddable":true,"href":"https:\/\/le-garden.com\/index.php\/wp-json\/wp\/v2\/comments?post=16842"}],"version-history":[{"count":3,"href":"https:\/\/le-garden.com\/index.php\/wp-json\/wp\/v2\/pages\/16842\/revisions"}],"predecessor-version":[{"id":16855,"href":"https:\/\/le-garden.com\/index.php\/wp-json\/wp\/v2\/pages\/16842\/revisions\/16855"}],"wp:attachment":[{"href":"https:\/\/le-garden.com\/index.php\/wp-json\/wp\/v2\/media?parent=16842"}],"curies":[{"name":"wp","href":"https:\/\/api.w.org\/{rel}","templated":true}]}}