{"id":15467,"date":"2025-05-08T17:25:26","date_gmt":"2025-05-08T15:25:26","guid":{"rendered":"https:\/\/le-garden.com\/?page_id=15467"},"modified":"2025-05-08T17:25:26","modified_gmt":"2025-05-08T15:25:26","slug":"menu-fete-des-meres-2","status":"publish","type":"page","link":"https:\/\/le-garden.com\/index.php\/accueil\/menu-fete-des-meres-2\/","title":{"rendered":"Menu f\u00eate des M\u00e8res"},"content":{"rendered":"<div data-colibri-id=\"15454-c1\" class=\"style-4407 style-local-15454-c1 position-relative\">\n  <!---->\n  <div data-colibri-component=\"section\" data-colibri-id=\"15454-c2\" id=\"photo\" class=\"h-section h-section-global-spacing d-flex align-items-lg-center align-items-md-center align-items-center style-4408 style-local-15454-c2 position-relative\">\n    <!---->\n    <!---->\n    <div class=\"h-section-grid-container h-section-boxed-container\">\n      <!---->\n      <div data-colibri-id=\"15454-c3\" class=\"h-row-container gutters-row-lg-2 gutters-row-md-2 gutters-row-2 gutters-row-v-lg-2 gutters-row-v-md-2 gutters-row-v-2 style-4409 style-local-15454-c3 position-relative\">\n        <!---->\n        <div class=\"h-row justify-content-lg-center justify-content-md-center justify-content-center align-items-lg-center align-items-md-center align-items-center gutters-col-lg-2 gutters-col-md-2 gutters-col-2 gutters-col-v-lg-2 gutters-col-v-md-2 gutters-col-v-2\">\n          <!---->\n          <div class=\"h-column h-column-container d-flex h-col-lg-auto h-col-md-auto h-col-auto align-self-lg-center align-self-md-center align-self-center style-4410-outer style-local-15454-c4-outer\">\n            <div data-colibri-id=\"15454-c4\" class=\"d-flex h-flex-basis h-column__inner h-ui-empty-state-container h-px-lg-0 h-px-md-0 h-px-0 v-inner-lg-0 v-inner-md-0 v-inner-0 style-4410 style-local-15454-c4 position-relative\">\n              <!---->\n              <!---->\n              <div class=\"w-100 h-y-container h-column__content h-column__v-align flex-basis-100\">\n                <!---->\n              <\/div>\n            <\/div>\n          <\/div>\n        <\/div>\n      <\/div>\n    <\/div>\n  <\/div>\n  <div data-colibri-component=\"section\" data-colibri-id=\"15454-c5\" id=\"titre-h1\" class=\"h-section h-section-global-spacing d-flex align-items-lg-center align-items-md-center align-items-center style-4411 style-local-15454-c5 position-relative\">\n    <!---->\n    <!---->\n    <div class=\"h-section-grid-container h-section-boxed-container\">\n      <!---->\n      <div data-colibri-id=\"15454-c6\" class=\"h-row-container gutters-row-lg-2 gutters-row-md-2 gutters-row-0 gutters-row-v-lg-2 gutters-row-v-md-2 gutters-row-v-2 style-4412 style-local-15454-c6 position-relative\">\n        <!---->\n        <div class=\"h-row justify-content-lg-center justify-content-md-center justify-content-center align-items-lg-stretch align-items-md-stretch align-items-stretch gutters-col-lg-2 gutters-col-md-2 gutters-col-0 gutters-col-v-lg-2 gutters-col-v-md-2 gutters-col-v-2\">\n          <!---->\n          <div class=\"h-column h-column-container d-flex h-col-lg-auto h-col-md-auto h-col-auto style-4413-outer style-local-15454-c7-outer\">\n            <div data-colibri-id=\"15454-c7\" class=\"d-flex h-flex-basis h-column__inner h-px-lg-2 h-px-md-2 h-px-2 v-inner-lg-2 v-inner-md-2 v-inner-2 style-4413 style-local-15454-c7 position-relative\">\n              <!---->\n              <!---->\n              <div class=\"w-100 h-y-container h-column__content h-column__v-align flex-basis-100 align-self-lg-start align-self-md-start align-self-start\">\n                <!---->\n                <div data-colibri-id=\"15454-c8\" class=\"h-text h-text-component style-4414 style-local-15454-c8 position-relative h-element\">\n                  <!---->\n                  <!---->\n                  <div class=\"\">\n                    <h1><span style=\"color: rgb(184, 0, 40); font-size: 90%;\">Menu F\u00eate des M\u00e8res &#8211; 82 euros<\/span><span style=\"font-size: 75%;\"><br>Dimanche 25 mai 2025<\/span>\n                      <br><span style=\"font-size: 70%;\">\u00e0 partir de 12h00<\/span><\/h1>\n                    <p>\n                      <br>\n                    <\/p>\n                  <\/div>\n                <\/div>\n              <\/div>\n            <\/div>\n          <\/div>\n        <\/div>\n      <\/div>\n    <\/div>\n  <\/div>\n  <div data-colibri-component=\"section\" data-colibri-id=\"15454-c10\" id=\"blank\" class=\"h-section h-section-global-spacing d-flex align-items-lg-center align-items-md-center align-items-center style-4416 style-local-15454-c10 position-relative\">\n    <!---->\n    <!---->\n    <div class=\"h-section-grid-container h-section-boxed-container\">\n      <!---->\n      <div data-colibri-id=\"15454-c11\" class=\"h-row-container gutters-row-lg-2 gutters-row-md-2 gutters-row-0 gutters-row-v-lg-2 gutters-row-v-md-2 gutters-row-v-2 style-4417 style-local-15454-c11 position-relative\">\n        <!---->\n        <div class=\"h-row justify-content-lg-center justify-content-md-center justify-content-center align-items-lg-stretch align-items-md-stretch align-items-stretch gutters-col-lg-2 gutters-col-md-2 gutters-col-0 gutters-col-v-lg-2 gutters-col-v-md-2 gutters-col-v-2\">\n          <!---->\n          <div class=\"h-column h-column-container d-flex h-col-lg-12 h-col-md-12 h-col-12 style-4418-outer style-local-15454-c12-outer\">\n            <div data-colibri-id=\"15454-c12\" class=\"d-flex h-flex-basis h-column__inner h-px-lg-2 h-px-md-2 h-px-2 v-inner-lg-2 v-inner-md-2 v-inner-2 style-4418 style-local-15454-c12 position-relative\">\n              <!---->\n              <!---->\n              <div class=\"w-100 h-y-container h-column__content h-column__v-align flex-basis-100 align-self-lg-start align-self-md-start align-self-start\">\n                <!---->\n                <div data-colibri-id=\"15454-c13\" class=\"h-text h-text-component style-4419 style-local-15454-c13 position-relative h-element\">\n                  <!---->\n                  <!---->\n                  <div class=\"\">\n                    <h2><span style=\"font-weight: 400; color: rgb(184, 0, 40); font-size: 66%;\">Pr\u00e9-mises en bouche &amp; amuse-bouches<\/span><\/h2>\n                    <h2><span style=\"color: rgb(184, 0, 40); font-weight: 400; font-size: 66%;\">Entr\u00e9e<\/span><\/h2>\n                    <p><span style=\"font-weight: 400; color: rgb(0, 0, 0);\">Foie gras po\u00eal\u00e9, asperges vertes r\u00f4ties au beurre demi-sel, jus brun relev\u00e9 au verjus, raisins r\u00f4tis, pur\u00e9e d\u2019asperges vertes &amp; tuile de vieux comt\u00e9<\/span><\/p>\n                    <p>\n                      <br>\n                    <\/p>\n                    <h2><span style=\"color: rgb(184, 0, 40); font-weight: 400; font-size: 66%;\">Plat de mer<\/span><\/h2>\n                    <p><span style=\"color: rgb(0, 0, 0); font-weight: 400;\">Thon rouge juste grill\u00e9, courgettes violon, fleurs de courgettes, en tempura et farcies d\u2019un gratt\u00e9 de thon, vinaigrette tataki, caramel de tomates noires de Crim\u00e9e<\/span><\/p>\n                    <h2><span style=\"font-size: 66%; color: rgb(184, 0, 40); font-weight: 400;\">Plat de terre<\/span><\/h2>\n                    <p><span style=\"font-weight: 400; color: rgb(0, 0, 0);\">Volaille pattes bleues brais\u00e9 au Mibrasa, pommes de terre confites \u00e0 l\u2019huile de thym, girolles au beurre d\u2019estragon, sauce Vignard, feuilles de Sakura, asperges sauvages<\/span><\/p>\n                    <p>\n                      <br>\n                    <\/p>\n                    <h2><span style=\"color: rgb(184, 0, 40); font-weight: 400; font-size: 66%;\">Dessert<\/span><\/h2>\n                    <p><span style=\"font-weight: 400; color: rgb(0, 0, 0);\">Tartelette feuillet\u00e9e, cr\u00e9meux pistache, confit de cerises, pralin\u00e9 pistache, caramel cerise, sorbet cerise relev\u00e9 au kirsch<\/span><\/p>\n                    <p>\n                      <br>\n                    <\/p>\n                  <\/div>\n                <\/div>\n              <\/div>\n            <\/div>\n          <\/div>\n        <\/div>\n      <\/div>\n    <\/div>\n  <\/div>\n  <div data-colibri-component=\"section\" data-colibri-id=\"15454-c18\" id=\"corps\" class=\"h-section h-section-global-spacing d-flex align-items-lg-center align-items-md-center align-items-center style-4424 style-local-15454-c18 position-relative\">\n    <!---->\n    <!---->\n    <div class=\"h-section-grid-container h-section-fluid-container\">\n      <!---->\n      <div data-colibri-id=\"15454-c19\" class=\"h-row-container gutters-row-lg-2 gutters-row-md-2 gutters-row-0 gutters-row-v-lg-2 gutters-row-v-md-2 gutters-row-v-2 style-4425 style-local-15454-c19 position-relative\">\n        <!---->\n        <div class=\"h-row justify-content-lg-center justify-content-md-center justify-content-center align-items-lg-stretch align-items-md-stretch align-items-stretch gutters-col-lg-2 gutters-col-md-2 gutters-col-0 gutters-col-v-lg-2 gutters-col-v-md-2 gutters-col-v-2\">\n          <!---->\n          <div class=\"h-column h-column-container d-flex h-col-lg-auto h-col-md-auto h-col-auto style-4426-outer style-local-15454-c20-outer\">\n            <div data-colibri-id=\"15454-c20\" class=\"d-flex h-flex-basis h-column__inner h-px-lg-2 h-px-md-2 h-px-2 v-inner-lg-2 v-inner-md-2 v-inner-2 style-4426 style-local-15454-c20 position-relative\">\n              <!---->\n              <!---->\n              <div class=\"w-100 h-y-container h-column__content h-column__v-align flex-basis-100 align-self-lg-start align-self-md-start align-self-start\">\n                <!---->\n                <div data-colibri-id=\"15454-c21\" class=\"h-x-container style-4427 style-local-15454-c21 position-relative h-element\">\n                  <!---->\n                  <div class=\"h-x-container-inner style-dynamic-15454-c21-group style-4427-spacing style-local-15454-c21-spacing\"><span class=\"h-button__outer style-4428-outer style-local-15454-c22-outer d-inline-flex h-element\"><a h-use-smooth-scroll=\"true\" href=\"https:\/\/le-garden.com\/index.php\/reservez-votre-table\/\"  data-colibri-id=\"15454-c22\" class=\"d-flex w-100 align-items-center h-button justify-content-lg-center justify-content-md-center justify-content-center style-4428 style-local-15454-c22 position-relative\"><!----><!----> <span>Contactez-nous<\/span><\/a>\n                    <\/span>\n                  <\/div>\n                <\/div>\n              <\/div>\n            <\/div>\n          <\/div>\n        <\/div>\n      <\/div>\n    <\/div>\n  <\/div>\n<\/div>","protected":false},"excerpt":{"rendered":"<p>Menu F\u00eate des M\u00e8res &#8211; 82 eurosDimanche 25 mai 2025 \u00e0 partir de 12h00 Pr\u00e9-mises en bouche &amp; amuse-bouches Entr\u00e9e Foie gras po\u00eal\u00e9, asperges vertes r\u00f4ties au beurre demi-sel, jus brun relev\u00e9 au verjus, raisins r\u00f4tis, pur\u00e9e d\u2019asperges vertes &amp; tuile de vieux comt\u00e9 Plat de mer Thon rouge juste grill\u00e9, courgettes violon, fleurs de [&hellip;]<\/p>\n","protected":false},"author":1,"featured_media":0,"parent":13856,"menu_order":0,"comment_status":"closed","ping_status":"closed","template":"page-templates\/full-width-page.php","meta":{"footnotes":""},"class_list":["post-15467","page","type-page","status-publish","hentry"],"yoast_head":"<!-- This site is optimized with the Yoast SEO plugin v27.1.1 - https:\/\/yoast.com\/product\/yoast-seo-wordpress\/ -->\n<title>Menu f\u00eate des M\u00e8res - Le Garden<\/title>\n<meta name=\"robots\" content=\"index, follow, max-snippet:-1, max-image-preview:large, max-video-preview:-1\" \/>\n<link rel=\"canonical\" href=\"https:\/\/le-garden.com\/index.php\/accueil\/menu-fete-des-meres-2\/\" \/>\n<meta property=\"og:locale\" content=\"fr_FR\" \/>\n<meta property=\"og:type\" content=\"article\" \/>\n<meta property=\"og:title\" content=\"Menu f\u00eate des M\u00e8res - Le Garden\" \/>\n<meta property=\"og:description\" content=\"Menu F\u00eate des M\u00e8res &#8211; 82 eurosDimanche 25 mai 2025 \u00e0 partir de 12h00 Pr\u00e9-mises en bouche &amp; amuse-bouches Entr\u00e9e Foie gras po\u00eal\u00e9, asperges vertes r\u00f4ties au beurre demi-sel, jus brun relev\u00e9 au verjus, raisins r\u00f4tis, pur\u00e9e d\u2019asperges vertes &amp; tuile de vieux comt\u00e9 Plat de mer Thon rouge juste grill\u00e9, courgettes violon, fleurs de [&hellip;]\" \/>\n<meta property=\"og:url\" content=\"https:\/\/le-garden.com\/index.php\/accueil\/menu-fete-des-meres-2\/\" \/>\n<meta property=\"og:site_name\" content=\"Le Garden\" \/>\n<meta name=\"twitter:card\" content=\"summary_large_image\" \/>\n<meta name=\"twitter:label1\" content=\"Dur\u00e9e de lecture estim\u00e9e\" \/>\n\t<meta name=\"twitter:data1\" content=\"1 minute\" \/>\n<script type=\"application\/ld+json\" class=\"yoast-schema-graph\">{\"@context\":\"https:\/\/schema.org\",\"@graph\":[{\"@type\":\"WebPage\",\"@id\":\"https:\/\/le-garden.com\/index.php\/accueil\/menu-fete-des-meres-2\/\",\"url\":\"https:\/\/le-garden.com\/index.php\/accueil\/menu-fete-des-meres-2\/\",\"name\":\"Menu f\u00eate des M\u00e8res - Le Garden\",\"isPartOf\":{\"@id\":\"https:\/\/le-garden.com\/#website\"},\"datePublished\":\"2025-05-08T15:25:26+00:00\",\"breadcrumb\":{\"@id\":\"https:\/\/le-garden.com\/index.php\/accueil\/menu-fete-des-meres-2\/#breadcrumb\"},\"inLanguage\":\"fr-FR\",\"potentialAction\":[{\"@type\":\"ReadAction\",\"target\":[\"https:\/\/le-garden.com\/index.php\/accueil\/menu-fete-des-meres-2\/\"]}]},{\"@type\":\"BreadcrumbList\",\"@id\":\"https:\/\/le-garden.com\/index.php\/accueil\/menu-fete-des-meres-2\/#breadcrumb\",\"itemListElement\":[{\"@type\":\"ListItem\",\"position\":1,\"name\":\"Accueil\",\"item\":\"https:\/\/le-garden.com\/\"},{\"@type\":\"ListItem\",\"position\":2,\"name\":\"Accueil\",\"item\":\"https:\/\/le-garden.com\/\"},{\"@type\":\"ListItem\",\"position\":3,\"name\":\"Menu f\u00eate des M\u00e8res\"}]},{\"@type\":\"WebSite\",\"@id\":\"https:\/\/le-garden.com\/#website\",\"url\":\"https:\/\/le-garden.com\/\",\"name\":\"Le Garden\",\"description\":\"Restaurant\",\"publisher\":{\"@id\":\"https:\/\/le-garden.com\/#organization\"},\"potentialAction\":[{\"@type\":\"SearchAction\",\"target\":{\"@type\":\"EntryPoint\",\"urlTemplate\":\"https:\/\/le-garden.com\/?s={search_term_string}\"},\"query-input\":{\"@type\":\"PropertyValueSpecification\",\"valueRequired\":true,\"valueName\":\"search_term_string\"}}],\"inLanguage\":\"fr-FR\"},{\"@type\":\"Organization\",\"@id\":\"https:\/\/le-garden.com\/#organization\",\"name\":\"Le Garden\",\"url\":\"https:\/\/le-garden.com\/\",\"logo\":{\"@type\":\"ImageObject\",\"inLanguage\":\"fr-FR\",\"@id\":\"https:\/\/le-garden.com\/#\/schema\/logo\/image\/\",\"url\":\"https:\/\/le-garden.com\/wp-content\/uploads\/2023\/10\/cropped-LOGO_LE-GARDEN_RESTAURANT_V.png\",\"contentUrl\":\"https:\/\/le-garden.com\/wp-content\/uploads\/2023\/10\/cropped-LOGO_LE-GARDEN_RESTAURANT_V.png\",\"width\":5906,\"height\":5906,\"caption\":\"Le Garden\"},\"image\":{\"@id\":\"https:\/\/le-garden.com\/#\/schema\/logo\/image\/\"}}]}<\/script>\n<!-- \/ Yoast SEO plugin. -->","yoast_head_json":{"title":"Menu f\u00eate des M\u00e8res - Le Garden","robots":{"index":"index","follow":"follow","max-snippet":"max-snippet:-1","max-image-preview":"max-image-preview:large","max-video-preview":"max-video-preview:-1"},"canonical":"https:\/\/le-garden.com\/index.php\/accueil\/menu-fete-des-meres-2\/","og_locale":"fr_FR","og_type":"article","og_title":"Menu f\u00eate des M\u00e8res - Le Garden","og_description":"Menu F\u00eate des M\u00e8res &#8211; 82 eurosDimanche 25 mai 2025 \u00e0 partir de 12h00 Pr\u00e9-mises en bouche &amp; amuse-bouches Entr\u00e9e Foie gras po\u00eal\u00e9, asperges vertes r\u00f4ties au beurre demi-sel, jus brun relev\u00e9 au verjus, raisins r\u00f4tis, pur\u00e9e d\u2019asperges vertes &amp; tuile de vieux comt\u00e9 Plat de mer Thon rouge juste grill\u00e9, courgettes violon, fleurs de [&hellip;]","og_url":"https:\/\/le-garden.com\/index.php\/accueil\/menu-fete-des-meres-2\/","og_site_name":"Le Garden","twitter_card":"summary_large_image","twitter_misc":{"Dur\u00e9e de lecture estim\u00e9e":"1 minute"},"schema":{"@context":"https:\/\/schema.org","@graph":[{"@type":"WebPage","@id":"https:\/\/le-garden.com\/index.php\/accueil\/menu-fete-des-meres-2\/","url":"https:\/\/le-garden.com\/index.php\/accueil\/menu-fete-des-meres-2\/","name":"Menu f\u00eate des M\u00e8res - Le Garden","isPartOf":{"@id":"https:\/\/le-garden.com\/#website"},"datePublished":"2025-05-08T15:25:26+00:00","breadcrumb":{"@id":"https:\/\/le-garden.com\/index.php\/accueil\/menu-fete-des-meres-2\/#breadcrumb"},"inLanguage":"fr-FR","potentialAction":[{"@type":"ReadAction","target":["https:\/\/le-garden.com\/index.php\/accueil\/menu-fete-des-meres-2\/"]}]},{"@type":"BreadcrumbList","@id":"https:\/\/le-garden.com\/index.php\/accueil\/menu-fete-des-meres-2\/#breadcrumb","itemListElement":[{"@type":"ListItem","position":1,"name":"Accueil","item":"https:\/\/le-garden.com\/"},{"@type":"ListItem","position":2,"name":"Accueil","item":"https:\/\/le-garden.com\/"},{"@type":"ListItem","position":3,"name":"Menu f\u00eate des M\u00e8res"}]},{"@type":"WebSite","@id":"https:\/\/le-garden.com\/#website","url":"https:\/\/le-garden.com\/","name":"Le Garden","description":"Restaurant","publisher":{"@id":"https:\/\/le-garden.com\/#organization"},"potentialAction":[{"@type":"SearchAction","target":{"@type":"EntryPoint","urlTemplate":"https:\/\/le-garden.com\/?s={search_term_string}"},"query-input":{"@type":"PropertyValueSpecification","valueRequired":true,"valueName":"search_term_string"}}],"inLanguage":"fr-FR"},{"@type":"Organization","@id":"https:\/\/le-garden.com\/#organization","name":"Le Garden","url":"https:\/\/le-garden.com\/","logo":{"@type":"ImageObject","inLanguage":"fr-FR","@id":"https:\/\/le-garden.com\/#\/schema\/logo\/image\/","url":"https:\/\/le-garden.com\/wp-content\/uploads\/2023\/10\/cropped-LOGO_LE-GARDEN_RESTAURANT_V.png","contentUrl":"https:\/\/le-garden.com\/wp-content\/uploads\/2023\/10\/cropped-LOGO_LE-GARDEN_RESTAURANT_V.png","width":5906,"height":5906,"caption":"Le Garden"},"image":{"@id":"https:\/\/le-garden.com\/#\/schema\/logo\/image\/"}}]}},"_links":{"self":[{"href":"https:\/\/le-garden.com\/index.php\/wp-json\/wp\/v2\/pages\/15467","targetHints":{"allow":["GET"]}}],"collection":[{"href":"https:\/\/le-garden.com\/index.php\/wp-json\/wp\/v2\/pages"}],"about":[{"href":"https:\/\/le-garden.com\/index.php\/wp-json\/wp\/v2\/types\/page"}],"author":[{"embeddable":true,"href":"https:\/\/le-garden.com\/index.php\/wp-json\/wp\/v2\/users\/1"}],"replies":[{"embeddable":true,"href":"https:\/\/le-garden.com\/index.php\/wp-json\/wp\/v2\/comments?post=15467"}],"version-history":[{"count":1,"href":"https:\/\/le-garden.com\/index.php\/wp-json\/wp\/v2\/pages\/15467\/revisions"}],"predecessor-version":[{"id":15481,"href":"https:\/\/le-garden.com\/index.php\/wp-json\/wp\/v2\/pages\/15467\/revisions\/15481"}],"up":[{"embeddable":true,"href":"https:\/\/le-garden.com\/index.php\/wp-json\/wp\/v2\/pages\/13856"}],"wp:attachment":[{"href":"https:\/\/le-garden.com\/index.php\/wp-json\/wp\/v2\/media?parent=15467"}],"curies":[{"name":"wp","href":"https:\/\/api.w.org\/{rel}","templated":true}]}}