{"id":14116,"date":"2024-11-27T10:58:22","date_gmt":"2024-11-27T09:58:22","guid":{"rendered":"https:\/\/le-garden.com\/?page_id=14116"},"modified":"2024-12-11T13:39:47","modified_gmt":"2024-12-11T12:39:47","slug":"reservez-votre-table","status":"publish","type":"page","link":"https:\/\/le-garden.com\/index.php\/reservez-votre-table\/","title":{"rendered":"R\u00e9servez votre table"},"content":{"rendered":"<div data-colibri-id=\"14116-c1\" class=\"style-3701 style-local-14116-c1 position-relative\">\n  <!---->\n  <div data-colibri-component=\"section\" data-colibri-id=\"14116-c2\" id=\"photo\" class=\"h-section h-section-global-spacing d-flex align-items-lg-center align-items-md-center align-items-center style-3702 style-local-14116-c2 position-relative\">\n    <!---->\n    <!---->\n    <div class=\"h-section-grid-container h-section-boxed-container\">\n      <!---->\n      <div data-colibri-id=\"14116-c3\" class=\"h-row-container gutters-row-lg-2 gutters-row-md-2 gutters-row-2 gutters-row-v-lg-2 gutters-row-v-md-2 gutters-row-v-2 style-3703 style-local-14116-c3 position-relative\">\n        <!---->\n        <div class=\"h-row justify-content-lg-center justify-content-md-center justify-content-center align-items-lg-center align-items-md-center align-items-center gutters-col-lg-2 gutters-col-md-2 gutters-col-2 gutters-col-v-lg-2 gutters-col-v-md-2 gutters-col-v-2\">\n          <!---->\n          <div class=\"h-column h-column-container d-flex h-col-lg-auto h-col-md-auto h-col-auto align-self-lg-center align-self-md-center align-self-center style-3704-outer style-local-14116-c4-outer\">\n            <div data-colibri-id=\"14116-c4\" class=\"d-flex h-flex-basis h-column__inner h-ui-empty-state-container h-px-lg-0 h-px-md-0 h-px-0 v-inner-lg-0 v-inner-md-0 v-inner-0 style-3704 style-local-14116-c4 position-relative\">\n              <!---->\n              <!---->\n              <div class=\"w-100 h-y-container h-column__content h-column__v-align flex-basis-100\">\n                <!---->\n              <\/div>\n            <\/div>\n          <\/div>\n        <\/div>\n      <\/div>\n    <\/div>\n  <\/div>\n  <div data-colibri-component=\"section\" data-colibri-id=\"14116-c5\" id=\"sous-titre-h3\" class=\"h-section h-section-global-spacing d-flex align-items-lg-center align-items-md-center align-items-center style-3705 style-local-14116-c5 position-relative\">\n    <!---->\n    <!---->\n    <div class=\"h-section-grid-container h-section-fluid-container\">\n      <!---->\n      <div data-colibri-id=\"14116-c6\" class=\"h-row-container gutters-row-lg-2 gutters-row-md-2 gutters-row-0 gutters-row-v-lg-2 gutters-row-v-md-2 gutters-row-v-2 style-3738 style-local-14116-c6 position-relative\">\n        <!---->\n        <div class=\"h-row justify-content-lg-center justify-content-md-center justify-content-center align-items-lg-stretch align-items-md-stretch align-items-stretch gutters-col-lg-2 gutters-col-md-2 gutters-col-0 gutters-col-v-lg-2 gutters-col-v-md-2 gutters-col-v-2\">\n          <!---->\n          <div class=\"h-column h-column-container d-flex h-col-lg-auto h-col-md-auto h-col-auto style-3739-outer style-local-14116-c7-outer\">\n            <div data-colibri-id=\"14116-c7\" class=\"d-flex h-flex-basis h-column__inner h-px-lg-2 h-px-md-2 h-px-2 v-inner-lg-2 v-inner-md-2 v-inner-2 style-3739 style-local-14116-c7 position-relative\">\n              <!---->\n              <!---->\n              <div class=\"w-100 h-y-container h-column__content h-column__v-align flex-basis-100 align-self-lg-start align-self-md-start align-self-start\">\n                <!---->\n                <div data-colibri-id=\"14116-c8\" class=\"h-text h-text-component style-3708 style-local-14116-c8 position-relative h-element\">\n                  <!---->\n                  <!---->\n                  <div class=\"\">\n                    <h3><em style=\"color: rgb(207, 166, 111); font-size: 42%;\">Laissez vous tenter par une exp\u00e9rience culinaire rythm\u00e9e au fil des saisons et inspirations de notre Chef Florian Pl\u00e9 et de ses \u00e9quipes.<\/em><\/h3>\n                  <\/div>\n                <\/div>\n              <\/div>\n            <\/div>\n          <\/div>\n        <\/div>\n      <\/div>\n      <div data-colibri-id=\"14116-c9\" class=\"h-row-container gutters-row-lg-2 gutters-row-md-2 gutters-row-2 gutters-row-v-lg-2 gutters-row-v-md-2 gutters-row-v-2 style-3706 style-local-14116-c9 position-relative\">\n        <!---->\n        <div class=\"h-row justify-content-lg-center justify-content-md-center justify-content-center align-items-lg-stretch align-items-md-stretch align-items-stretch gutters-col-lg-2 gutters-col-md-2 gutters-col-2 gutters-col-v-lg-2 gutters-col-v-md-2 gutters-col-v-2\">\n          <!---->\n          <div class=\"h-column h-column-container d-flex h-col-lg-auto h-col-md-auto h-col-auto style-3707-outer style-local-14116-c10-outer\">\n            <div data-colibri-id=\"14116-c10\" class=\"d-flex h-flex-basis h-column__inner h-px-lg-2 h-px-md-2 h-px-2 v-inner-lg-2 v-inner-md-2 v-inner-2 style-3707 style-local-14116-c10 position-relative\">\n              <!---->\n              <!---->\n              <div class=\"w-100 h-y-container h-column__content h-column__v-align flex-basis-100 align-self-lg-center align-self-md-center align-self-center\">\n                <!---->\n                <div data-colibri-id=\"14116-c11\" class=\"style-3740 style-local-14116-c11 position-relative h-element\">\n                  <!---->\n                <\/div>\n              <\/div>\n            <\/div>\n          <\/div>\n        <\/div>\n      <\/div>\n    <\/div>\n  <\/div>\n  <div data-colibri-component=\"section\" data-colibri-id=\"14116-c12\" id=\"titre-h1\" class=\"h-section h-section-global-spacing d-flex align-items-lg-center align-items-md-center align-items-center style-3709 style-local-14116-c12 position-relative\">\n    <!---->\n    <!---->\n    <div class=\"h-section-grid-container h-section-boxed-container\">\n      <!---->\n      <div data-colibri-id=\"14116-c13\" class=\"h-row-container gutters-row-lg-2 gutters-row-md-2 gutters-row-0 gutters-row-v-lg-2 gutters-row-v-md-2 gutters-row-v-2 style-3710 style-local-14116-c13 position-relative\">\n        <!---->\n        <div class=\"h-row justify-content-lg-center justify-content-md-center justify-content-center align-items-lg-stretch align-items-md-stretch align-items-stretch gutters-col-lg-2 gutters-col-md-2 gutters-col-0 gutters-col-v-lg-2 gutters-col-v-md-2 gutters-col-v-2\">\n          <!---->\n          <div class=\"h-column h-column-container d-flex h-col-lg-auto h-col-md-auto h-col-auto style-3711-outer style-local-14116-c14-outer\">\n            <div data-colibri-id=\"14116-c14\" class=\"d-flex h-flex-basis h-column__inner h-px-lg-2 h-px-md-2 h-px-2 v-inner-lg-2 v-inner-md-2 v-inner-2 style-3711 style-local-14116-c14 position-relative\">\n              <!---->\n              <!---->\n              <div class=\"w-100 h-y-container h-column__content h-column__v-align flex-basis-100 align-self-lg-start align-self-md-start align-self-start\">\n                <!---->\n                <div data-colibri-id=\"14116-c15\" class=\"h-text h-text-component style-3712 style-local-14116-c15 position-relative h-element\">\n                  <!---->\n                  <!---->\n                  <div class=\"\">\n                    <h1>R\u00e9servez Votre Table<\/h1>\n                    <p>\n                      <br>\n                    <\/p>\n                  <\/div>\n                <\/div>\n              <\/div>\n            <\/div>\n          <\/div>\n        <\/div>\n      <\/div>\n    <\/div>\n  <\/div>\n  <div data-colibri-component=\"section\" data-colibri-id=\"14116-c16\" id=\"informations\" class=\"h-section h-section-global-spacing d-flex align-items-lg-center align-items-md-center align-items-center style-3731 style-local-14116-c16 position-relative\">\n    <!---->\n    <!---->\n    <div class=\"h-section-grid-container h-section-fluid-container\">\n      <!---->\n      <div data-colibri-id=\"14116-c17\" class=\"h-row-container gutters-row-lg-2 gutters-row-md-2 gutters-row-0 gutters-row-v-lg-2 gutters-row-v-md-2 gutters-row-v-2 style-3732 style-local-14116-c17 position-relative\">\n        <!---->\n        <div class=\"h-row justify-content-lg-center justify-content-md-center justify-content-center align-items-lg-stretch align-items-md-stretch align-items-stretch gutters-col-lg-2 gutters-col-md-2 gutters-col-0 gutters-col-v-lg-2 gutters-col-v-md-2 gutters-col-v-2\">\n          <!---->\n          <div class=\"h-column h-column-container d-flex h-col-lg-auto h-col-md-auto h-col-auto style-3733-outer style-local-14116-c18-outer\">\n            <div data-colibri-id=\"14116-c18\" class=\"d-flex h-flex-basis h-column__inner h-px-lg-2 h-px-md-2 h-px-2 v-inner-lg-2 v-inner-md-2 v-inner-2 style-3733 style-local-14116-c18 position-relative\">\n              <!---->\n              <!---->\n              <div class=\"w-100 h-y-container h-column__content h-column__v-align flex-basis-100 align-self-lg-start align-self-md-start align-self-start\">\n                <!---->\n                <div data-colibri-id=\"14116-c19\" class=\"h-text h-text-component style-3737 style-local-14116-c19 position-relative h-element\">\n                  <!---->\n                  <!---->\n                  <div class=\"\">\n                    <h2><span style=\"color: rgb(207, 155, 70); font-size: 70%;\">Contacts<\/span><\/h2>\n                  <\/div>\n                <\/div>\n                <div data-colibri-id=\"14116-c20\" class=\"h-text h-text-component style-3735 style-local-14116-c20 position-relative h-element\">\n                  <!---->\n                  <!---->\n                  <div class=\"\">\n                    <p>Contactez nous afin de r\u00e9server votre table ou obtenir un renseignement :\n                      <br>TELEPHONE : 01.55.96.98.70\n                      <br>E-MAIL : contact@le-garden.com<\/p>\n                  <\/div>\n                <\/div>\n                <div data-colibri-id=\"14116-c21\" class=\"h-text h-text-component style-3737 style-local-14116-c21 position-relative h-element\">\n                  <!---->\n                  <!---->\n                  <div class=\"\">\n                    <h2><span style=\"font-size: 70%; color: rgb(207, 155, 70);\">Informations<\/span><\/h2>\n                  <\/div>\n                <\/div>\n                <div data-colibri-id=\"14116-c22\" class=\"h-text h-text-component style-3735 style-local-14116-c22 position-relative h-element\">\n                  <!---->\n                  <!---->\n                  <div class=\"\">\n                    <p>Toute r\u00e9servation au-del\u00e0 de\n                      <u>6 convives<\/u> est consid\u00e9r\u00e9 comme une <span style=\"color: rgb(207, 155, 70);\">r\u00e9servation de groupe<\/span> et n\u00e9cessitera une <span style=\"color: rgb(207, 155, 70);\">pr\u00e9-commande<\/span> ainsi qu&rsquo;une <span style=\"color: rgb(207, 155, 70);\">empreinte bancaire<\/span>                      de garantie !<\/p>\n                    <p>Les cr\u00e9neaux indisponibles sont des services complets.\n                      <br>Pour les week-ends, il est conseill\u00e9 de r\u00e9server votre table deux semaines \u00e0 l&rsquo;avance.<\/p>\n                  <\/div>\n                <\/div>\n                <div data-colibri-id=\"14116-c23\" class=\"h-text h-text-component style-3737 style-local-14116-c23 position-relative h-element\">\n                  <!---->\n                  <!---->\n                  <div class=\"\">\n                    <h2><span style=\"color: rgb(207, 155, 70); font-size: 70%;\">Acc\u00e8s<\/span><\/h2>\n                  <\/div>\n                <\/div>\n                <div data-colibri-id=\"14116-c24\" class=\"h-text h-text-component style-3735 style-local-14116-c24 position-relative h-element\">\n                  <!---->\n                  <!---->\n                  <div class=\"\">\n                    <p>29 Quai de Bonneuil\n                      <br>94100 Saint-Maur-des-Foss\u00e9s\n                      <br>France\n                      <br>&#8211;\n                      <br>Ouvert du Mercredi au Dimanche midi\n                      <br>\n                      <u>Ferm\u00e9 le Lundi, Mardi &amp; Dimanche soir<\/u>\n                    <\/p>\n                  <\/div>\n                <\/div>\n                <div data-colibri-id=\"14116-c25\" class=\"style-3854 style-local-14116-c25 position-relative h-element\">\n                  <!---->\n                  <div class=\"\"><iframe src=\"https:\/\/www.google.com\/maps\/embed?pb=!1m18!1m12!1m3!1d5257.698040183954!2d2.487453176958712!3d48.784772571322286!2m3!1f0!2f0!3f0!3m2!1i1024!2i768!4f13.1!3m3!1m2!1s0x47e60c8f2d7322e9%3A0x4a47c1f2a60af223!2sRestaurant%20Le%20Garden!5e0!3m2!1sfr!2sfr!4v1732711236926!5m2!1sfr!2sfr\" width=\"600\" height=\"450\" style=\"border:0;\" allowfullscreen=\"\" loading=\"lazy\" referrerpolicy=\"no-referrer-when-downgrade\"><\/iframe><\/div>\n                <\/div>\n              <\/div>\n            <\/div>\n          <\/div>\n          <div class=\"h-column h-column-container d-flex h-col-lg-auto h-col-md-auto h-col-auto style-3734-outer style-local-14116-c26-outer\">\n            <div data-colibri-id=\"14116-c26\" class=\"d-flex h-flex-basis h-column__inner h-px-lg-2 h-px-md-2 h-px-2 v-inner-lg-2 v-inner-md-2 v-inner-2 style-3734 style-local-14116-c26 position-relative\">\n              <!---->\n              <!---->\n              <div class=\"w-100 h-y-container h-column__content h-column__v-align flex-basis-100 align-self-lg-start align-self-md-start align-self-start\">\n                <!---->\n                <div data-colibri-id=\"14116-c27\" class=\"h-text h-text-component style-3736 style-local-14116-c27 position-relative h-element\">\n                  <!---->\n                  <!---->\n                  <div class=\"\">\n                    <h2><span style=\"font-size: 70%;\">R\u00e9servation en ligne<\/span><\/h2>\n                    <p>\n                      <br>\n                    <\/p>\n                  <\/div>\n                <\/div>\n                <div data-colibri-id=\"14116-c28\" class=\"style-3743 style-local-14116-c28 position-relative h-element\">\n                  <!---->\n                  <div class=\"\"><iframe         src=\"https:\/\/widget.thefork.com\/e1e09c83-2ac7-4b8e-973b-57a2064db560\"         style=\"width: 100%; min-height:800px; border:none; overflow:scroll;\"       ><\/iframe><\/div>\n                <\/div>\n              <\/div>\n            <\/div>\n          <\/div>\n        <\/div>\n      <\/div>\n    <\/div>\n  <\/div>\n<\/div>","protected":false},"excerpt":{"rendered":"<p>Laissez vous tenter par une exp\u00e9rience culinaire rythm\u00e9e au fil des saisons et inspirations de notre Chef Florian Pl\u00e9 et de ses \u00e9quipes. R\u00e9servez Votre Table Contacts Contactez nous afin de r\u00e9server votre table ou obtenir un renseignement : TELEPHONE : 01.55.96.98.70 E-MAIL : contact@le-garden.com Informations Toute r\u00e9servation au-del\u00e0 de 6 convives est consid\u00e9r\u00e9 comme [&hellip;]<\/p>\n","protected":false},"author":1,"featured_media":0,"parent":0,"menu_order":0,"comment_status":"closed","ping_status":"closed","template":"page-templates\/full-width-page.php","meta":{"footnotes":""},"class_list":["post-14116","page","type-page","status-publish","hentry"],"yoast_head":"<!-- This site is optimized with the Yoast SEO plugin v27.1.1 - https:\/\/yoast.com\/product\/yoast-seo-wordpress\/ -->\n<title>R\u00e9servez votre table - Le Garden<\/title>\n<meta name=\"robots\" content=\"index, follow, max-snippet:-1, max-image-preview:large, max-video-preview:-1\" \/>\n<link rel=\"canonical\" href=\"https:\/\/le-garden.com\/index.php\/reservez-votre-table\/\" \/>\n<meta property=\"og:locale\" content=\"fr_FR\" \/>\n<meta property=\"og:type\" content=\"article\" \/>\n<meta property=\"og:title\" content=\"R\u00e9servez votre table - Le Garden\" \/>\n<meta property=\"og:description\" content=\"Laissez vous tenter par une exp\u00e9rience culinaire rythm\u00e9e au fil des saisons et inspirations de notre Chef Florian Pl\u00e9 et de ses \u00e9quipes. R\u00e9servez Votre Table Contacts Contactez nous afin de r\u00e9server votre table ou obtenir un renseignement : TELEPHONE : 01.55.96.98.70 E-MAIL : contact@le-garden.com Informations Toute r\u00e9servation au-del\u00e0 de 6 convives est consid\u00e9r\u00e9 comme [&hellip;]\" \/>\n<meta property=\"og:url\" content=\"https:\/\/le-garden.com\/index.php\/reservez-votre-table\/\" \/>\n<meta property=\"og:site_name\" content=\"Le Garden\" \/>\n<meta property=\"article:modified_time\" content=\"2024-12-11T12:39:47+00:00\" \/>\n<meta name=\"twitter:card\" content=\"summary_large_image\" \/>\n<meta name=\"twitter:label1\" content=\"Dur\u00e9e de lecture estim\u00e9e\" \/>\n\t<meta name=\"twitter:data1\" content=\"1 minute\" \/>\n<script type=\"application\/ld+json\" class=\"yoast-schema-graph\">{\"@context\":\"https:\/\/schema.org\",\"@graph\":[{\"@type\":\"WebPage\",\"@id\":\"https:\/\/le-garden.com\/index.php\/reservez-votre-table\/\",\"url\":\"https:\/\/le-garden.com\/index.php\/reservez-votre-table\/\",\"name\":\"R\u00e9servez votre table - Le Garden\",\"isPartOf\":{\"@id\":\"https:\/\/le-garden.com\/#website\"},\"datePublished\":\"2024-11-27T09:58:22+00:00\",\"dateModified\":\"2024-12-11T12:39:47+00:00\",\"breadcrumb\":{\"@id\":\"https:\/\/le-garden.com\/index.php\/reservez-votre-table\/#breadcrumb\"},\"inLanguage\":\"fr-FR\",\"potentialAction\":[{\"@type\":\"ReadAction\",\"target\":[\"https:\/\/le-garden.com\/index.php\/reservez-votre-table\/\"]}]},{\"@type\":\"BreadcrumbList\",\"@id\":\"https:\/\/le-garden.com\/index.php\/reservez-votre-table\/#breadcrumb\",\"itemListElement\":[{\"@type\":\"ListItem\",\"position\":1,\"name\":\"Accueil\",\"item\":\"https:\/\/le-garden.com\/\"},{\"@type\":\"ListItem\",\"position\":2,\"name\":\"R\u00e9servez votre table\"}]},{\"@type\":\"WebSite\",\"@id\":\"https:\/\/le-garden.com\/#website\",\"url\":\"https:\/\/le-garden.com\/\",\"name\":\"Le Garden\",\"description\":\"Restaurant\",\"publisher\":{\"@id\":\"https:\/\/le-garden.com\/#organization\"},\"potentialAction\":[{\"@type\":\"SearchAction\",\"target\":{\"@type\":\"EntryPoint\",\"urlTemplate\":\"https:\/\/le-garden.com\/?s={search_term_string}\"},\"query-input\":{\"@type\":\"PropertyValueSpecification\",\"valueRequired\":true,\"valueName\":\"search_term_string\"}}],\"inLanguage\":\"fr-FR\"},{\"@type\":\"Organization\",\"@id\":\"https:\/\/le-garden.com\/#organization\",\"name\":\"Le Garden\",\"url\":\"https:\/\/le-garden.com\/\",\"logo\":{\"@type\":\"ImageObject\",\"inLanguage\":\"fr-FR\",\"@id\":\"https:\/\/le-garden.com\/#\/schema\/logo\/image\/\",\"url\":\"https:\/\/le-garden.com\/wp-content\/uploads\/2023\/10\/cropped-LOGO_LE-GARDEN_RESTAURANT_V.png\",\"contentUrl\":\"https:\/\/le-garden.com\/wp-content\/uploads\/2023\/10\/cropped-LOGO_LE-GARDEN_RESTAURANT_V.png\",\"width\":5906,\"height\":5906,\"caption\":\"Le Garden\"},\"image\":{\"@id\":\"https:\/\/le-garden.com\/#\/schema\/logo\/image\/\"}}]}<\/script>\n<!-- \/ Yoast SEO plugin. -->","yoast_head_json":{"title":"R\u00e9servez votre table - Le Garden","robots":{"index":"index","follow":"follow","max-snippet":"max-snippet:-1","max-image-preview":"max-image-preview:large","max-video-preview":"max-video-preview:-1"},"canonical":"https:\/\/le-garden.com\/index.php\/reservez-votre-table\/","og_locale":"fr_FR","og_type":"article","og_title":"R\u00e9servez votre table - Le Garden","og_description":"Laissez vous tenter par une exp\u00e9rience culinaire rythm\u00e9e au fil des saisons et inspirations de notre Chef Florian Pl\u00e9 et de ses \u00e9quipes. R\u00e9servez Votre Table Contacts Contactez nous afin de r\u00e9server votre table ou obtenir un renseignement : TELEPHONE : 01.55.96.98.70 E-MAIL : contact@le-garden.com Informations Toute r\u00e9servation au-del\u00e0 de 6 convives est consid\u00e9r\u00e9 comme [&hellip;]","og_url":"https:\/\/le-garden.com\/index.php\/reservez-votre-table\/","og_site_name":"Le Garden","article_modified_time":"2024-12-11T12:39:47+00:00","twitter_card":"summary_large_image","twitter_misc":{"Dur\u00e9e de lecture estim\u00e9e":"1 minute"},"schema":{"@context":"https:\/\/schema.org","@graph":[{"@type":"WebPage","@id":"https:\/\/le-garden.com\/index.php\/reservez-votre-table\/","url":"https:\/\/le-garden.com\/index.php\/reservez-votre-table\/","name":"R\u00e9servez votre table - Le Garden","isPartOf":{"@id":"https:\/\/le-garden.com\/#website"},"datePublished":"2024-11-27T09:58:22+00:00","dateModified":"2024-12-11T12:39:47+00:00","breadcrumb":{"@id":"https:\/\/le-garden.com\/index.php\/reservez-votre-table\/#breadcrumb"},"inLanguage":"fr-FR","potentialAction":[{"@type":"ReadAction","target":["https:\/\/le-garden.com\/index.php\/reservez-votre-table\/"]}]},{"@type":"BreadcrumbList","@id":"https:\/\/le-garden.com\/index.php\/reservez-votre-table\/#breadcrumb","itemListElement":[{"@type":"ListItem","position":1,"name":"Accueil","item":"https:\/\/le-garden.com\/"},{"@type":"ListItem","position":2,"name":"R\u00e9servez votre table"}]},{"@type":"WebSite","@id":"https:\/\/le-garden.com\/#website","url":"https:\/\/le-garden.com\/","name":"Le Garden","description":"Restaurant","publisher":{"@id":"https:\/\/le-garden.com\/#organization"},"potentialAction":[{"@type":"SearchAction","target":{"@type":"EntryPoint","urlTemplate":"https:\/\/le-garden.com\/?s={search_term_string}"},"query-input":{"@type":"PropertyValueSpecification","valueRequired":true,"valueName":"search_term_string"}}],"inLanguage":"fr-FR"},{"@type":"Organization","@id":"https:\/\/le-garden.com\/#organization","name":"Le Garden","url":"https:\/\/le-garden.com\/","logo":{"@type":"ImageObject","inLanguage":"fr-FR","@id":"https:\/\/le-garden.com\/#\/schema\/logo\/image\/","url":"https:\/\/le-garden.com\/wp-content\/uploads\/2023\/10\/cropped-LOGO_LE-GARDEN_RESTAURANT_V.png","contentUrl":"https:\/\/le-garden.com\/wp-content\/uploads\/2023\/10\/cropped-LOGO_LE-GARDEN_RESTAURANT_V.png","width":5906,"height":5906,"caption":"Le Garden"},"image":{"@id":"https:\/\/le-garden.com\/#\/schema\/logo\/image\/"}}]}},"_links":{"self":[{"href":"https:\/\/le-garden.com\/index.php\/wp-json\/wp\/v2\/pages\/14116","targetHints":{"allow":["GET"]}}],"collection":[{"href":"https:\/\/le-garden.com\/index.php\/wp-json\/wp\/v2\/pages"}],"about":[{"href":"https:\/\/le-garden.com\/index.php\/wp-json\/wp\/v2\/types\/page"}],"author":[{"embeddable":true,"href":"https:\/\/le-garden.com\/index.php\/wp-json\/wp\/v2\/users\/1"}],"replies":[{"embeddable":true,"href":"https:\/\/le-garden.com\/index.php\/wp-json\/wp\/v2\/comments?post=14116"}],"version-history":[{"count":7,"href":"https:\/\/le-garden.com\/index.php\/wp-json\/wp\/v2\/pages\/14116\/revisions"}],"predecessor-version":[{"id":14932,"href":"https:\/\/le-garden.com\/index.php\/wp-json\/wp\/v2\/pages\/14116\/revisions\/14932"}],"wp:attachment":[{"href":"https:\/\/le-garden.com\/index.php\/wp-json\/wp\/v2\/media?parent=14116"}],"curies":[{"name":"wp","href":"https:\/\/api.w.org\/{rel}","templated":true}]}}